{"id":117,"date":"2018-11-23T08:36:25","date_gmt":"2018-11-23T08:36:25","guid":{"rendered":"http:\/\/localhost\/wordpress1\/?page_id=117"},"modified":"2026-01-12T11:13:48","modified_gmt":"2026-01-12T10:13:48","slug":"press-releases","status":"publish","type":"page","link":"https:\/\/imm.webs.upv.es\/ca\/press-releases\/","title":{"rendered":"Recull de premsa"},"content":{"rendered":"\n<details class=\"wp-block-details is-layout-flow wp-block-details-is-layout-flow\" open><summary>Guanyar el premi gros de la loteria de Nadal \u00e9s com trobar un gra d&#8217;arr\u00f2s espec\u00edfic en trenta plats de paella. (Desembre 2025)<\/summary>\n<div style=\"height:23px\" aria-hidden=\"true\" class=\"wp-block-spacer\"><\/div>\n\n\n\n<p>El nostre company Francisco Pedroche ha publicat un <a href=\"https:\/\/theconversation.com\/ganar-el-gordo-de-navidad-es-como-encontrar-un-grano-concreto-de-arroz-en-treinta-platos-de-paella-270895\">article<\/a> sobre la loteria que ha tingut molt bon acolliment i ha aparegut en diverses publicacions dels mitjans de comunicaci\u00f3.<\/p>\n\n\n\n<p>Pots trobar m\u00e9s informaci\u00f3 en: <a href=\"https:\/\/www.apuntmedia.es\/134_1c04cd\">\u00c0 punt<\/a>, <a href=\"https:\/\/www.levante-emv.com\/comunitat-valenciana\/2025\/12\/17\/motivo-feliz-nacer-mil-veces-gordo-matematicas-probabilidades-numeros-terminaciones-espermatozoides-ovulos-124877706.html\">Levante<\/a>, <a href=\"https:\/\/www.elmundo.es\/loterias\/loteria-de-navidad\/2025\/12\/21\/6947bd20fdddffa85e8b456d.html\">El Mundo<\/a> and <a href=\"https:\/\/www.antena3.com\/noticias\/loterias\/probabilidad-ganar-gordo-loteria-100000_20251222694990d4ea66eb73531c3d1e.html\">Antena 3<\/a>.<\/p>\n<\/details>\n\n\n\n<details class=\"wp-block-details is-layout-flow wp-block-details-is-layout-flow\" open><summary>Una estrat\u00e8gia de vacunaci\u00f3 que funciona. (Desembre 2025)<\/summary>\n<div style=\"height:23px\" aria-hidden=\"true\" class=\"wp-block-spacer\"><\/div>\n\n\n\n<p>Els nostres companys del <em>IMM, Rafael Villanueva i Marcos Llamazares, han desenrotllat un model matem\u00e0tic que simula la din\u00e0mica de transmissi\u00f3 del virus respiratori sincicial (<\/em>VRS) a la Comunitat Valenciana, causant de bronquiolitis i pneum\u00f2nia en xiquets menors d&#8217;un any. Pots trobar m\u00e9s informaci\u00f3 en: <a href=\"https:\/\/www.upv.es\/noticias-upv\/noticia-15539-una-estrategia-es.html\">UPV<\/a>, <a href=\"https:\/\/ruvid.org\/un-modelo-matematico-fundamenta-la-estrategia-de-inmunizacion-contra-el-virus-respiratorio-sincitial\/\">RUVID<\/a>, <a href=\"https:\/\/valenciaplaza.com\/valenciaplaza\/educacion\/un-modelo-matematico-de-la-upv-fundamenta-la-estrategia-valenciana-de-inmunizacion-ante-el-virus-respiratorio-sincitial\">Valencia Plaza<\/a>, <a href=\"https:\/\/www.levante-emv.com\/comunitat-valenciana\/2025\/12\/02\/supercalculadora-upv-demuestra-efectividad-vacuna-vrs-bebes-124318041.html\">Levante<\/a>, <a href=\"https:\/\/castellondiario.com\/el-modelo-matematico-de-la-upv-avala-la-campana-de-vacunacion-infantil-frente-al-vrs-en-la-cv\/\">Castell\u00f3n diario<\/a>, <a href=\"https:\/\/www.msn.com\/es-es\/salud\/otros\/una-supercalculadora-de-la-upv-demuestra-la-efectividad-de-la-vacuna-del-vrs-a-los-beb%C3%A9s-en-la-comunitat-valenciana\/ar-AA1RxRKA\">MSN<\/a> and <a href=\"https:\/\/saforguia.com\/art\/88598\/un-modelo-matematico-de-la-upv-fundamenta-la-estrategia-de-inmunizacion-de-la-comunitat-valenciana-contra-el-virus-respiratorio-sincitial\">Saforguia<\/a>.<\/p>\n<\/details>\n\n\n\n<p><a href=\"https:\/\/imm.webs.upv.es\/ca\/imm-shines-at-the-upv-2025-research-awards-with-two-prizes\/\">L&#8217;IMM brilla en els Premis d&#8217;Investigaci\u00f3 UPV 2025 amb dos guardons<\/a> (Novembre 2025)<\/p>\n\n\n\n<p><a href=\"https:\/\/imm.webs.upv.es\/ca\/collaboration-agreement-with-the-national-institute-for-mathematical-sciences-nims-of-south-korea\/\">Conveni de col\u00b7laboraci\u00f3 amb el National Institute for Mathematical Sciences (NIMS) de Corea del Sud<\/a> (Setember 2025)<\/p>\n\n\n\n<p><a href=\"https:\/\/phys.org\/news\/2025-05-chorus-gravitational-core-milky.html\">Hi ha un cor d&#8217;ones gravitacionals procedents del nucli de la Via L\u00e0ctia. Les sentirem?<\/a> (Juny 2025)<\/p>\n\n\n\n<details class=\"wp-block-details is-layout-flow wp-block-details-is-layout-flow\" open><summary>El professor Juan Carlos Cort\u00e9s ha sigut investit com a Director de l&#8217;IMM (Abril 2025)<\/summary>\n<div style=\"height:23px\" aria-hidden=\"true\" class=\"wp-block-spacer\"><\/div>\n\n\n\n<p>El professor Juan Carlos Cort\u00e9s ha sigut investit com a Director de l&#8217;IMM per al per\u00edode 2025-2030 pel Rector de la UPV.<\/p>\n\n\n\n<p><\/p>\n\n\n\n<figure class=\"wp-block-image size-large is-resized\"><img loading=\"lazy\" decoding=\"async\" width=\"1024\" height=\"475\" src=\"https:\/\/imm.webs.upv.es\/wp-content\/uploads\/2025\/04\/WhatsApp-Image-2025-04-08-at-12.29.34-1024x475.jpeg\" alt=\"\" class=\"wp-image-4294\" style=\"width:405px;height:auto\" srcset=\"https:\/\/imm.webs.upv.es\/wp-content\/uploads\/2025\/04\/WhatsApp-Image-2025-04-08-at-12.29.34-1024x475.jpeg 1024w, https:\/\/imm.webs.upv.es\/wp-content\/uploads\/2025\/04\/WhatsApp-Image-2025-04-08-at-12.29.34-300x139.jpeg 300w, https:\/\/imm.webs.upv.es\/wp-content\/uploads\/2025\/04\/WhatsApp-Image-2025-04-08-at-12.29.34-768x356.jpeg 768w, https:\/\/imm.webs.upv.es\/wp-content\/uploads\/2025\/04\/WhatsApp-Image-2025-04-08-at-12.29.34-1536x713.jpeg 1536w, https:\/\/imm.webs.upv.es\/wp-content\/uploads\/2025\/04\/WhatsApp-Image-2025-04-08-at-12.29.34-150x70.jpeg 150w, https:\/\/imm.webs.upv.es\/wp-content\/uploads\/2025\/04\/WhatsApp-Image-2025-04-08-at-12.29.34.jpeg 1558w\" sizes=\"auto, (max-width: 1024px) 100vw, 1024px\" \/><\/figure>\n<\/details>\n\n\n\n<details class=\"wp-block-details is-layout-flow wp-block-details-is-layout-flow\" open><summary>Workshop sobre forats negres i ones gravitacionals (Abril de 2025)<\/summary>\n<p><\/p>\n\n\n\n<div class=\"wp-block-columns is-layout-flex wp-container-core-columns-is-layout-9d6595d7 wp-block-columns-is-layout-flex\">\n<div class=\"wp-block-column is-layout-flow wp-block-column-is-layout-flow\">\n<p>El nostre company Pau Amaro, ha coordinat una sessi\u00f3 en el congr\u00e9s Ten years to Lisa en el Jet Propulsion <em>Laboratory, la NASA\/<\/em>Caltech a Calif\u00f2rnia sobre forats negres i ones gravitacionals.<a href=\"https:\/\/t.co\/Jpxgldgesj\" target=\"_blank\" rel=\"noreferrer noopener\">https:\/\/science.jpl.nasa.gov\/workshops\/LISA<\/a><\/p>\n<\/div>\n\n\n\n<div class=\"wp-block-column is-layout-flow wp-block-column-is-layout-flow\">\n<figure class=\"wp-block-image size-large is-resized\"><img loading=\"lazy\" decoding=\"async\" width=\"1024\" height=\"768\" src=\"https:\/\/imm.webs.upv.es\/wp-content\/uploads\/2025\/04\/IMG_20250403_210922_037-1024x768.jpg\" alt=\"\" class=\"wp-image-4210\" style=\"width:219px;height:auto\" srcset=\"https:\/\/imm.webs.upv.es\/wp-content\/uploads\/2025\/04\/IMG_20250403_210922_037-1024x768.jpg 1024w, https:\/\/imm.webs.upv.es\/wp-content\/uploads\/2025\/04\/IMG_20250403_210922_037-300x225.jpg 300w, https:\/\/imm.webs.upv.es\/wp-content\/uploads\/2025\/04\/IMG_20250403_210922_037-768x576.jpg 768w, https:\/\/imm.webs.upv.es\/wp-content\/uploads\/2025\/04\/IMG_20250403_210922_037-150x113.jpg 150w, https:\/\/imm.webs.upv.es\/wp-content\/uploads\/2025\/04\/IMG_20250403_210922_037.jpg 1280w\" sizes=\"auto, (max-width: 1024px) 100vw, 1024px\" \/><\/figure>\n<\/div>\n<\/div>\n<\/details>\n\n\n\n<details class=\"wp-block-details is-layout-flow wp-block-details-is-layout-flow\"><summary>Un estudi matem\u00e0tic de la UPV proposa imitar el sistema de competici\u00f3 de la F\u00f3rmula 1 per a augmentar la competitivitat de LaLiga (Agost 2023)<\/summary>\n<p><\/p>\n\n\n\n<p>Un estudi matem\u00e0tic de la UPV proposa imitar el sistema de competici\u00f3 de la F\u00f3rmula 1 per a augmentar la competitivitat de LaLiga.<br>Imitar el sistema de competici\u00f3 de la F\u00f3rmula 1 per a fer m\u00e9s competitiva LaLiga. Esta \u00e9s la conclusi\u00f3 d&#8217;un estudi matem\u00e0tic realitzat per l&#8217;investigador de la Universitat Polit\u00e8cnica de Val\u00e8ncia Francisco Pedroche. En el seu treball, conclou que tant LaLiga espanyola com la Premier League anglesa s\u00f3n quatre vegades menys competitives que la F\u00f3rmula 1, \u00abla qual cosa influ\u00efx directament en l&#8217;inter\u00e9s dels aficionats pels dos esports\u00bb.<\/p>\n\n\n\n<p><a href=\"https:\/\/cadenaser.com\/comunitat-valenciana\/2023\/08\/10\/un-estudio-concluye-que-el-sistema-de-clasificacion-de-laliga-no-es-atractivo-y-perjudica-la-competitividad-entre-equipos-radio-valencia\/\" target=\"_blank\" rel=\"noreferrer noopener\">Cadena Ser<\/a>  &#8211;  <a href=\"https:\/\/www.abc.es\/espana\/comunidad-valenciana\/tanda-penaltis-elegir-campo-copiar-formula-sistema-20230810113333-nt.html\" target=\"_blank\" rel=\"noreferrer noopener\">ABC<\/a>  &#8211;  <a href=\"https:\/\/www.lasprovincias.es\/deportes\/futbol\/linea-seguir-liga-formula-20230810012146-nt_amp.html\" target=\"_blank\" rel=\"noreferrer noopener\">Las Provincias<\/a>  &#8211;  <a href=\"https:\/\/www.upv.es\/noticias-upv\/noticia-14265-nuevo-modelo-c-es.html\" target=\"_blank\" rel=\"noreferrer noopener\">UPV News<\/a><\/p>\n\n\n\n<p><\/p>\n\n\n\n<p><\/p>\n\n\n\n<p><\/p>\n<\/details>\n\n\n\n<p><a href=\"https:\/\/imm.webs.upv.es\/a-group-of-mathematicians-in-valencia-improves-a-calculus-system-that-has-been-unbeatable-for-50-years\/\">Un grup de matem\u00e0tics millora a Val\u00e8ncia un sistema de c\u00e0lcul imbatible des de fa 50 anys <\/a>&nbsp;(Mar\u00e7 2023)<\/p>\n\n\n\n<p><a href=\"https:\/\/ruvid.org\/wordpress\/wp-content\/uploads\/2021\/03\/ANUARIO-INFORUVID-2020.pdf\" target=\"_blank\" rel=\"noreferrer noopener\">InfoRUVID 2020<\/a> (Marzo 2021)<\/p>\n\n\n\n<p><a href=\"https:\/\/www.apuntmedia.es\/covid-19\/un-estudi-upv-preveu-pic-segona-onada-arribara-final-novembre_1_1345503.amp.html\">Un estudi de la UPV preveu que el pic de la segona onada arribe a la fi de novembre<\/a>&nbsp;(Novembre 2020)<\/p>\n\n\n\n<p><a href=\"https:\/\/www.apuntmedia.es\/covid-19\/un-model-matematic-universitat-politecnica-valencia-preveu-pic-pandemia-s-assolira-finals-maig_1_1361069.html\">Un model matem\u00e0tic de la Universitat Polit\u00e8cnica de Val\u00e8ncia prediu que el pic de la pand\u00e8mia s&#8217;aconseguir\u00e0 a la fi de maig<\/a>&nbsp;(Mar\u00e7 2020)<\/p>\n\n\n\n<details class=\"wp-block-details is-layout-flow wp-block-details-is-layout-flow\"><summary>Modelitzaci\u00f3 matem\u00e0tica de la corrupci\u00f3 pol\u00edtica a Espanya (Agost 2019)<br><\/summary>\n<p>Investigadors de la Universitat Polit\u00e8cnica de Val\u00e8ncia (E. de la Poza, L. J\u00f3dar) i de la Universitat de Val\u00e8ncia (P. Merello) han desenrotllat un model matem\u00e0tic per a quantificar el nivell de risc de cometre corrupci\u00f3 pol\u00edtica de la poblaci\u00f3 resident a Espanya entre 18 i 70 anys. <\/p>\n\n\n\n<p><\/p>\n\n\n\n<div class=\"wp-block-columns is-layout-flex wp-container-core-columns-is-layout-9d6595d7 wp-block-columns-is-layout-flex\">\n<div class=\"wp-block-column is-layout-flow wp-block-column-is-layout-flow\">\n<p><a href=\"https:\/\/apuntmedia.es\/va\/noticies\/societat\/corrupcio-continua-sent-una-amenaca\" target=\"_blank\" rel=\"noreferrer noopener\">\u00c0 punt<\/a> entrevista.<\/p>\n\n\n\n<p><a href=\"https:\/\/cadenaser.com\/emisora\/2019\/08\/10\/radio_valencia\/1565426976_921266.amp.html?__twitter_impression=true\" target=\"_blank\" rel=\"noreferrer noopener\">Radio interview<\/a> Cadena Ser.<\/p>\n\n\n\n<p><a href=\"http:\/\/vlc18e.auditmedia.es\/almacenapi\/api\/Recortes\/online\/c241fa96-afe2-4cca-9901-a1930f0dddd0?tcab=completa&amp;tpDate=dateup\" target=\"_blank\" rel=\"noreferrer noopener\">ABC<\/a><\/p>\n\n\n\n<p><a href=\"http:\/\/vlc14e.auditmedia.es\/almacenapi\/api\/Recortes\/online\/c0749350-2ff5-45d8-901d-b355ca8567c5?tcab=completa&amp;tpDate=dateup\" target=\"_blank\" rel=\"noreferrer noopener\">24 Espa\u00f1a<\/a><\/p>\n\n\n\n<p><a href=\"https:\/\/imm.webs.upv.es\/wp-content\/uploads\/2019\/09\/GACETA-87-1.pdf\" target=\"_blank\" rel=\"noreferrer noopener\">Gaceta Cultural, Ateneo de Valladolid<\/a> <\/p>\n\n\n\n<p>\u00c0 punt: Les not\u00edcies del migdia. <div class=\"su-audio\" data-id=\"su_audio_player_69efa8c2cfe8b\" data-audio=\"https:\/\/imm.webs.upv.es\/wp-content\/uploads\/2019\/09\/Les_not_cies_del_migdia-ac1979a8-0378-45df-b7c6-cedc1fa991f9_recorte_00_51_09_86.mp3\" data-swf=\"https:\/\/imm.webs.upv.es\/wp-content\/plugins\/shortcodes-ultimate\/vendor\/jplayer\/jplayer.swf\" data-autoplay=\"no\" data-loop=\"no\" style=\"max-width:50%\"><div id=\"su_audio_player_69efa8c2cfe8b\" class=\"jp-jplayer\"><\/div><div id=\"su_audio_player_69efa8c2cfe8b_container\" class=\"jp-audio\"><div class=\"jp-type-single\"><div class=\"jp-gui jp-interface\"><div class=\"jp-controls\"><span class=\"jp-play\"><\/span><span class=\"jp-pause\"><\/span><span class=\"jp-stop\"><\/span><span class=\"jp-mute\"><\/span><span class=\"jp-unmute\"><\/span><span class=\"jp-volume-max\"><\/span><\/div><div class=\"jp-progress\"><div class=\"jp-seek-bar\"><div class=\"jp-play-bar\"><\/div><\/div><\/div><div class=\"jp-volume-bar\"><div class=\"jp-volume-bar-value\"><\/div><\/div><div class=\"jp-current-time\"><\/div><div class=\"jp-duration\"><\/div><\/div><div class=\"jp-title\"><\/div><\/div><\/div><\/div>\n<\/div>\n\n\n\n<div class=\"wp-block-column is-layout-flow wp-block-column-is-layout-flow\">\n<figure class=\"wp-block-image size-full\"><img loading=\"lazy\" decoding=\"async\" width=\"873\" height=\"526\" src=\"https:\/\/imm.webs.upv.es\/wp-content\/uploads\/2019\/09\/juzgados-1.png\" alt=\"\" class=\"wp-image-1283\" srcset=\"https:\/\/imm.webs.upv.es\/wp-content\/uploads\/2019\/09\/juzgados-1.png 873w, https:\/\/imm.webs.upv.es\/wp-content\/uploads\/2019\/09\/juzgados-1-300x181.png 300w, https:\/\/imm.webs.upv.es\/wp-content\/uploads\/2019\/09\/juzgados-1-768x463.png 768w, https:\/\/imm.webs.upv.es\/wp-content\/uploads\/2019\/09\/juzgados-1-581x350.png 581w, https:\/\/imm.webs.upv.es\/wp-content\/uploads\/2019\/09\/juzgados-1-150x90.png 150w\" sizes=\"auto, (max-width: 873px) 100vw, 873px\" \/><\/figure>\n<\/div>\n<\/div>\n<\/details>\n\n\n\n<details class=\"wp-block-details is-layout-flow wp-block-details-is-layout-flow\" open><summary><strong>Dia de la Dona i la Xiqueta en la Ci\u00e8ncia<\/strong><\/summary>\n<p><\/p>\n\n\n\n<div class=\"wp-block-columns is-layout-flex wp-container-core-columns-is-layout-9d6595d7 wp-block-columns-is-layout-flex\">\n<div class=\"wp-block-column is-layout-flow wp-block-column-is-layout-flow\">\n<figure class=\"wp-block-video\"><video height=\"1080\" style=\"aspect-ratio: 1920 \/ 1080;\" width=\"1920\" controls src=\"https:\/\/imm.webs.upv.es\/wp-content\/uploads\/2019\/02\/2019-02-11-dia-internacional-mujer-61273.mp4\"><\/video><figcaption class=\"wp-element-caption\">Alicia Cordero Barbero<\/figcaption><\/figure>\n<\/div>\n\n\n\n<div class=\"wp-block-column is-layout-flow wp-block-column-is-layout-flow\">\n<figure class=\"wp-block-video\"><video height=\"1080\" style=\"aspect-ratio: 1920 \/ 1080;\" width=\"1920\" controls src=\"https:\/\/imm.webs.upv.es\/wp-content\/uploads\/2019\/02\/2019-02-11-dia-internacional-mujer-61301.mp4\"><\/video><figcaption class=\"wp-element-caption\">Julia Real<\/figcaption><\/figure>\n<\/div>\n\n\n\n<div class=\"wp-block-column is-layout-flow wp-block-column-is-layout-flow\">\n<figure class=\"wp-block-video\"><video height=\"1080\" style=\"aspect-ratio: 1920 \/ 1080;\" width=\"1920\" controls src=\"https:\/\/imm.webs.upv.es\/wp-content\/uploads\/2019\/02\/2019-02-11-dia-internacional-mujer-61303.mp4\"><\/video><figcaption class=\"wp-element-caption\">Mar\u00eda Dolores Rosell\u00f3 Ferragud<\/figcaption><\/figure>\n<\/div>\n<\/div>\n<\/details>\n\n\n\n<details class=\"wp-block-details is-layout-flow wp-block-details-is-layout-flow\"><summary>Evoluci\u00f3 de l&#8217;\u00edndex de felicitat en un pa\u00eds (Juny 2018)<\/summary>\n<p><\/p>\n\n\n\n<p>Investigadors de l&#8217;Institut de Matem\u00e0tiques Multidisciplin\u00e0ries (David Soler i Joan Carles Mic\u00f3) han elaborat un \u00edndex de felicitat per a mesurar el benestar d&#8217;una societat.<\/p>\n\n\n\n<div class=\"wp-block-columns is-layout-flex wp-container-core-columns-is-layout-9d6595d7 wp-block-columns-is-layout-flex\">\n<div class=\"wp-block-column is-layout-flow wp-block-column-is-layout-flow\">\n<p>&#8211; Entrevista de r\u00e0dio. <div class=\"su-audio\" data-id=\"su_audio_player_69efa8c2cfecb\" data-audio=\"https:\/\/imm.webs.upv.es\/wp-content\/uploads\/2019\/01\/radiointerview.mp3\" data-swf=\"https:\/\/imm.webs.upv.es\/wp-content\/plugins\/shortcodes-ultimate\/vendor\/jplayer\/jplayer.swf\" data-autoplay=\"no\" data-loop=\"no\" style=\"max-width:50%\"><div id=\"su_audio_player_69efa8c2cfecb\" class=\"jp-jplayer\"><\/div><div id=\"su_audio_player_69efa8c2cfecb_container\" class=\"jp-audio\"><div class=\"jp-type-single\"><div class=\"jp-gui jp-interface\"><div class=\"jp-controls\"><span class=\"jp-play\"><\/span><span class=\"jp-pause\"><\/span><span class=\"jp-stop\"><\/span><span class=\"jp-mute\"><\/span><span class=\"jp-unmute\"><\/span><span class=\"jp-volume-max\"><\/span><\/div><div class=\"jp-progress\"><div class=\"jp-seek-bar\"><div class=\"jp-play-bar\"><\/div><\/div><\/div><div class=\"jp-volume-bar\"><div class=\"jp-volume-bar-value\"><\/div><\/div><div class=\"jp-current-time\"><\/div><div class=\"jp-duration\"><\/div><\/div><div class=\"jp-title\"><\/div><\/div><\/div><\/div>\n\n\n\n<p>&#8211; <a href=\"https:\/\/imm.webs.upv.es\/wp-content\/uploads\/2019\/01\/happinessindex.pdf\" target=\"_blank\" rel=\"noreferrer noopener\">Recull de premsa.<\/a><\/p>\n\n\n\n<p>&#8211; <a href=\"http:\/\/www.upv.es\/visor\/rtv\/60303\/c\" target=\"_blank\" rel=\"noreferrer noopener\">V\u00eddeo<\/a> de UPV TV.<\/p>\n<\/div>\n\n\n\n<div class=\"wp-block-column is-layout-flow wp-block-column-is-layout-flow\">\n<figure class=\"wp-block-image size-large is-resized\"><img loading=\"lazy\" decoding=\"async\" width=\"1024\" height=\"425\" src=\"https:\/\/imm.webs.upv.es\/wp-content\/uploads\/2018\/11\/pruebafelicidad-1024x425.png\" alt=\"\" class=\"wp-image-365\" style=\"width:325px;height:auto\" srcset=\"https:\/\/imm.webs.upv.es\/wp-content\/uploads\/2018\/11\/pruebafelicidad-1024x425.png 1024w, https:\/\/imm.webs.upv.es\/wp-content\/uploads\/2018\/11\/pruebafelicidad-300x125.png 300w, https:\/\/imm.webs.upv.es\/wp-content\/uploads\/2018\/11\/pruebafelicidad-768x319.png 768w, https:\/\/imm.webs.upv.es\/wp-content\/uploads\/2018\/11\/pruebafelicidad-842x350.png 842w, https:\/\/imm.webs.upv.es\/wp-content\/uploads\/2018\/11\/pruebafelicidad-150x62.png 150w, https:\/\/imm.webs.upv.es\/wp-content\/uploads\/2018\/11\/pruebafelicidad.png 1153w\" sizes=\"auto, (max-width: 1024px) 100vw, 1024px\" \/><\/figure>\n<\/div>\n<\/div>\n<\/details>\n\n\n\n<details class=\"wp-block-details is-layout-flow wp-block-details-is-layout-flow\"><summary><strong>Modelitzaci\u00f3 de l&#8217;ascens del precariado a Espanya.<\/strong> (Juliol 2018)<\/summary>\n<p><\/p>\n\n\n\n<p>Investigadors de l&#8217;Institut de Matem\u00e0tica Multidisciplin\u00e0ria i de la Universitat de Val\u00e8ncia (dirigits pel professor Lucas J\u00f3dar) han desenrotllat un model matem\u00e0tic que prediu l&#8217;augment de la poblaci\u00f3 prec\u00e0ria a Espanya.<\/p>\n\n\n\n<p>&#8211; Entrevista de r\u00e0dio en el programa &#8220;A punt media&#8221;. <a href=\"https:\/\/apuntmedia.es\/va\/a-la-carta\/programes\/escoltat-en-la-radio\/focus\/16-11-2018-minifaenes-les-clavegueres-del-mercat-laboral-experiencies\" target=\"_blank\" rel=\"noreferrer noopener\">Entrevista.<\/a><\/p>\n\n\n\n<p>&#8211; <a href=\"https:\/\/imm.webs.upv.es\/wp-content\/uploads\/2019\/01\/precariat.pdf\" target=\"_blank\" rel=\"noreferrer noopener\">Recull de premsa.<\/a><\/p>\n\n\n\n<p>&#8211; Este model va ser presentat en la confer\u00e8ncia &#8220;Mathematical Modelling in Engineering &amp; Human Behaviour 2018&#8221; celebrada en l&#8217;Institut en la sessi\u00f3 de Sociomatem\u00e1ticas.<\/p>\n<\/details>\n\n\n\n<details class=\"wp-block-details is-layout-flow wp-block-details-is-layout-flow\"><summary><strong>Model matem\u00e0tic de risc su\u00efcida a Espanya<\/strong> (Juliol 2017)<\/summary>\n<p><\/p>\n\n\n\n<p>En l&#8217;IMM s&#8217;ha desenrotllat un model din\u00e0mic de poblaci\u00f3 que t\u00e9 en compte nombrosos factors socials procedents de l&#8217;Institut Nacional d&#8217;Estad\u00edstica (INE). Este model prediu un augment del risc de su\u00efcidi en els pr\u00f2xims anys. L&#8217;estudi ha captat l&#8217;atenci\u00f3 de nombroses revistes i mitjans de comunicaci\u00f3 socials a Espanya.<\/p>\n\n\n\n<p>&#8211; <a href=\"https:\/\/imm.webs.upv.es\/wp-content\/uploads\/2019\/01\/SUICIDALRISKMODEL.pdf\" target=\"_blank\" rel=\"noreferrer noopener\">Recull de premsa<\/a><\/p>\n<\/details>\n\n\n\n<details class=\"wp-block-details is-layout-flow wp-block-details-is-layout-flow\"><summary><strong>Modelitzaci\u00f3 matem\u00e0tica de l&#8217;agressi\u00f3 masculina cap a les dones<\/strong> (Agost 2015)<\/summary>\n<div style=\"height:21px\" aria-hidden=\"true\" class=\"wp-block-spacer\"><\/div>\n\n\n\n<p>Un model matem\u00e0tic de propagaci\u00f3 de la viol\u00e8ncia de g\u00e8nere a Espanya prediu que el nombre d&#8217;h\u00f2mens agressors augmenta de manera constant, i es preveu una xifra de tres milions d&#8217;agressors per a 2017. Es va classificar a la poblaci\u00f3 en tres estadis segons el grau de masclisme: des d&#8217;h\u00f2mens igualitaris fins a agressors psicol\u00f2gics i f\u00edsics. Tamb\u00e9 es van tindre en compte factors demogr\u00e0fics, econ\u00f2mics i socials.<\/p>\n\n\n\n<div class=\"wp-block-columns is-layout-flex wp-container-core-columns-is-layout-9d6595d7 wp-block-columns-is-layout-flex\">\n<div class=\"wp-block-column is-layout-flow wp-block-column-is-layout-flow\">\n<p>&#8211; <a href=\"https:\/\/imm.webs.upv.es\/wp-content\/uploads\/2019\/01\/immgenderviolence.pdf\" target=\"_blank\" rel=\"noreferrer noopener\">Recull de premsa<\/a><\/p>\n\n\n\n<p> &#8211; <a href=\"https:\/\/www.abc.es\/local-comunidad-valenciana\/20150824\/abci-2017-3millones-agresores-201508241152.html\" target=\"_blank\" rel=\"noreferrer noopener\">ABC<\/a><\/p>\n\n\n\n<p>&#8211; Entrevista en r\u00e0dio nacional espanyola. <div class=\"su-audio\" data-id=\"su_audio_player_69efa8c2cfeec\" data-audio=\"https:\/\/imm.webs.upv.es\/wp-content\/uploads\/2018\/12\/interviewgenderviolence.mp3\" data-swf=\"https:\/\/imm.webs.upv.es\/wp-content\/plugins\/shortcodes-ultimate\/vendor\/jplayer\/jplayer.swf\" data-autoplay=\"no\" data-loop=\"no\" style=\"max-width:50%\"><div id=\"su_audio_player_69efa8c2cfeec\" class=\"jp-jplayer\"><\/div><div id=\"su_audio_player_69efa8c2cfeec_container\" class=\"jp-audio\"><div class=\"jp-type-single\"><div class=\"jp-gui jp-interface\"><div class=\"jp-controls\"><span class=\"jp-play\"><\/span><span class=\"jp-pause\"><\/span><span class=\"jp-stop\"><\/span><span class=\"jp-mute\"><\/span><span class=\"jp-unmute\"><\/span><span class=\"jp-volume-max\"><\/span><\/div><div class=\"jp-progress\"><div class=\"jp-seek-bar\"><div class=\"jp-play-bar\"><\/div><\/div><\/div><div class=\"jp-volume-bar\"><div class=\"jp-volume-bar-value\"><\/div><\/div><div class=\"jp-current-time\"><\/div><div class=\"jp-duration\"><\/div><\/div><div class=\"jp-title\"><\/div><\/div><\/div><\/div>\n<\/div>\n\n\n\n<div class=\"wp-block-column is-layout-flow wp-block-column-is-layout-flow\">\n<figure class=\"wp-block-image size-full is-resized\"><img loading=\"lazy\" decoding=\"async\" width=\"380\" height=\"211\" src=\"https:\/\/imm.webs.upv.es\/wp-content\/uploads\/2018\/11\/violence.png\" alt=\"\" class=\"wp-image-418\" style=\"width:313px;height:auto\" srcset=\"https:\/\/imm.webs.upv.es\/wp-content\/uploads\/2018\/11\/violence.png 380w, https:\/\/imm.webs.upv.es\/wp-content\/uploads\/2018\/11\/violence-300x167.png 300w, https:\/\/imm.webs.upv.es\/wp-content\/uploads\/2018\/11\/violence-150x83.png 150w\" sizes=\"auto, (max-width: 380px) 100vw, 380px\" \/><\/figure>\n<\/div>\n<\/div>\n<\/details>\n\n\n\n<details class=\"wp-block-details is-layout-flow wp-block-details-is-layout-flow\"><summary>Equilibri competitiu en les lligues de b\u00e0squet (Octubre 2014)<\/summary>\n<p><\/p>\n\n\n\n<div class=\"wp-block-columns is-layout-flex wp-container-core-columns-is-layout-9d6595d7 wp-block-columns-is-layout-flex\">\n<div class=\"wp-block-column is-layout-flow wp-block-column-is-layout-flow\">\n<p>Un estudi realitzat per F. Pedroche i J. A. Verdoy del nostre Institut ha demostrat que la Lliga espanyola de b\u00e0squet est\u00e0 perdent competitivitat. Estos investigadors han proposat una mesura de la competitivitat com el nombre d&#8217;encreuaments en la classificaci\u00f3. La mesura es va aplicar a diverses lligues europees de b\u00e0squet.<\/p>\n\n\n\n<p>&#8211; <a href=\"https:\/\/www.elconfidencial.com\/ultima-hora-en-vivo\/2014-10-03\/la-liga-regular-de-baloncesto-ha-perdido-competitividad-segun-un-estudio_380071\/\" target=\"_blank\" rel=\"noreferrer noopener\">El Confidencial<\/a>.<\/p>\n<\/div>\n\n\n\n<div class=\"wp-block-column is-layout-flow wp-block-column-is-layout-flow\"><div class=\"su-youtube su-u-responsive-media-no\"><iframe loading=\"lazy\" width=\"400\" height=\"300\" src=\"https:\/\/www.youtube.com\/embed\/beVjh8DOI7I?\" frameborder=\"0\" allowfullscreen allow=\"autoplay; encrypted-media; picture-in-picture\" title=\"\"><\/iframe><\/div>\n<\/div>\n<\/div>\n\n\n\n<p>&#8211; Este treball es va presentar en la confer\u00e8ncia &#8220;Mathematical Modelling in Engineering &amp; Human Behaviour 2014&#8221; organitzada per l&#8217;IMM.<\/p>\n<\/details>\n\n\n\n<details class=\"wp-block-details is-layout-flow wp-block-details-is-layout-flow\"><summary><strong>The flyby anomaly<\/strong> (Setembre 2014)<\/summary>\n<p><\/p>\n\n\n\n<p>Luis Acedo, de l&#8217;IMM, ha proposat un model fenomenol\u00f2gic per a l&#8217;estudi de l&#8217;anomenat &#8220;<a href=\"https:\/\/en.wikipedia.org\/wiki\/Flyby_anomaly\" target=\"_blank\" rel=\"noreferrer noopener\">flyby anomaly<\/a>&#8220;. Augment o disminuci\u00f3 an\u00f2mals de la velocitat de la nau espacial en un sobrevol de la Terra. Wikipedia enumera este problema en una llista de problemes sense resoldre de la f\u00edsica. L. Acedo va proposar un camp gravitomagn\u00e9tico circulant per a modelar l&#8217;anomalia. No obstant aix\u00f2, l&#8217;efecte en els sat\u00e8l\u00b7lits geodin\u00e1micos i en l&#8217;experiment *Gravity *Probe B \u00e9s massa gran per a ser compatible amb la intensitat de camp necess\u00e0ria per a explicar l&#8217;anomalia del sobrevol. Queda per dilucidar en el futur si este resultat implica que l&#8217;explicaci\u00f3 de les desconcertants anomalies \u00e9s convencional.<\/p>\n\n\n\n<div class=\"wp-block-columns is-layout-flex wp-container-core-columns-is-layout-9d6595d7 wp-block-columns-is-layout-flex\">\n<div class=\"wp-block-column is-layout-flow wp-block-column-is-layout-flow\">\n<p>&#8211; <a href=\"https:\/\/www.agenciasinc.es\/Noticias\/Una-anomalia-en-el-sobrevuelo-de-los-satelites-desconcierta-a-los-cientificos\" target=\"_blank\" rel=\"noreferrer noopener\">SINC<\/a><\/p>\n\n\n\n<p>&#8211; <a href=\"https:\/\/www.sciencedaily.com\/releases\/2014\/09\/140919110526.htm\" target=\"_blank\" rel=\"noreferrer noopener\">Science Daily<\/a>.<\/p>\n<\/div>\n\n\n\n<div class=\"wp-block-column is-layout-flow wp-block-column-is-layout-flow\"><div class=\"su-youtube su-u-responsive-media-no\"><iframe loading=\"lazy\" width=\"300\" height=\"200\" src=\"https:\/\/www.youtube.com\/embed\/ZjNnT_a1sXY?\" frameborder=\"0\" allowfullscreen allow=\"autoplay; encrypted-media; picture-in-picture\" title=\"\"><\/iframe><\/div>\n<\/div>\n<\/div>\n<\/details>\n\n\n\n<details class=\"wp-block-details is-layout-flow wp-block-details-is-layout-flow\"><summary>Un model matem\u00e0tic per a avaluar les lligues de futbol (Novembre 2013)<\/summary>\n<p><\/p>\n\n\n\n<div class=\"wp-block-columns is-layout-flex wp-container-core-columns-is-layout-9d6595d7 wp-block-columns-is-layout-flex\">\n<div class=\"wp-block-column is-layout-flow wp-block-column-is-layout-flow\">\n<div class=\"wp-block-columns is-layout-flex wp-container-core-columns-is-layout-9d6595d7 wp-block-columns-is-layout-flex\">\n<div class=\"wp-block-column is-layout-flow wp-block-column-is-layout-flow\">\n<p>Investigadors de l&#8217;IMM (F. Pedroche) i de la Universidad Rey Juan Carlos de Madrid (R. Criado, Esther Garc\u00eda i Miguel Romance) han desenrotllat un model matem\u00e0tic per a avaluar uns certs aspectes de les lligues de futbol. Dedu\u00efxen que la lliga alemanya \u00e9s la m\u00e9s competitiva. Una entrevista on s&#8217;explica el concepte (en espanyol) pot trobar-se ac\u00ed.<\/p>\n\n\n\n<p>&#8211; <a href=\"https:\/\/imm.webs.upv.es\/wp-content\/uploads\/2019\/01\/NotaLigasFutbol.pdf\" target=\"_blank\" rel=\"noreferrer noopener\">Recull de premsa<\/a><\/p>\n<\/div>\n\n\n\n<div class=\"wp-block-column is-layout-flow wp-block-column-is-layout-flow\">\n<figure class=\"wp-block-image size-full is-resized\"><img loading=\"lazy\" decoding=\"async\" width=\"365\" height=\"186\" src=\"https:\/\/imm.webs.upv.es\/wp-content\/uploads\/2018\/11\/futbol.png\" alt=\"\" class=\"wp-image-386\" style=\"width:328px;height:auto\" srcset=\"https:\/\/imm.webs.upv.es\/wp-content\/uploads\/2018\/11\/futbol.png 365w, https:\/\/imm.webs.upv.es\/wp-content\/uploads\/2018\/11\/futbol-300x153.png 300w, https:\/\/imm.webs.upv.es\/wp-content\/uploads\/2018\/11\/futbol-150x76.png 150w\" sizes=\"auto, (max-width: 365px) 100vw, 365px\" \/><\/figure>\n<\/div>\n<\/div>\n<\/div>\n<\/div>\n<\/details>\n\n\n\n<details class=\"wp-block-details is-layout-flow wp-block-details-is-layout-flow\"><summary>L&#8217;inter\u00e9s de la modelitzaci\u00f3 matem\u00e0tica en la societat (Octubre 2009)<\/summary>\n<div style=\"height:19px\" aria-hidden=\"true\" class=\"wp-block-spacer\"><\/div>\n\n\n\n<p>El Prof. Lucas J\u00f3dar, Director de l&#8217;Institut de Matem\u00e0tica Multidisciplin\u00e0ria, va ser entrevistat pel diari Las Provincias sobre l&#8217;inter\u00e9s de la modelitzaci\u00f3 matem\u00e0tica en la societat. <a href=\"https:\/\/imm.webs.upv.es\/wp-content\/uploads\/2019\/01\/socialmodels.pdf\" target=\"_blank\" rel=\"noreferrer noopener\">SALUS LP (LAS PROVINCIAS, Saturday, October 17th, (2009).<\/a><\/p>\n<\/details>\n\n\n\n<details class=\"wp-block-details is-layout-flow wp-block-details-is-layout-flow\"><summary>Modelitzaci\u00f3 matem\u00e0tica del EEG (Abril 2008)<\/summary>\n<p><\/p>\n\n\n\n<div class=\"wp-block-columns is-layout-flex wp-container-core-columns-is-layout-9d6595d7 wp-block-columns-is-layout-flex\">\n<div class=\"wp-block-column is-layout-flow wp-block-column-is-layout-flow\" style=\"flex-basis:66.66%\">\n<p>Un grup d&#8217;investigaci\u00f3 de l&#8217;IMM desenrotlla actualment models de l&#8217;activitat neuronal com a comportament col\u00b7lectiu de grans conjunts de neurones d&#8217;aut\u00f2mats cel\u00b7lulars simulats. Aix\u00f2 forma part d&#8217;un projecte de computaci\u00f3 BOINC a gran escala conegut com Neurona@home en el qual simulem un cervell d&#8217;aut\u00f2mats cel\u00b7lulars compost per un mili\u00f3 de neurones amb connexions <em>Erd\u00f6s-<\/em>Renyi aleat\u00f2ries.<\/p>\n\n\n\n<p> &#8211; <a href=\"https:\/\/www.agenciasinc.es\/Noticias\/Modelos-matematicos-de-la-actividad-del-cerebro\" target=\"_blank\" rel=\"noreferrer noopener\">SINC<\/a><\/p>\n<\/div>\n\n\n\n<div class=\"wp-block-column is-layout-flow wp-block-column-is-layout-flow\" style=\"flex-basis:33.33%\">\n<figure class=\"wp-block-image size-full is-resized\"><img loading=\"lazy\" decoding=\"async\" width=\"518\" height=\"479\" src=\"https:\/\/imm.webs.upv.es\/wp-content\/uploads\/2018\/11\/brain.png\" alt=\"\" class=\"wp-image-412\" style=\"width:173px;height:auto\" srcset=\"https:\/\/imm.webs.upv.es\/wp-content\/uploads\/2018\/11\/brain.png 518w, https:\/\/imm.webs.upv.es\/wp-content\/uploads\/2018\/11\/brain-300x277.png 300w, https:\/\/imm.webs.upv.es\/wp-content\/uploads\/2018\/11\/brain-378x350.png 378w, https:\/\/imm.webs.upv.es\/wp-content\/uploads\/2018\/11\/brain-150x139.png 150w\" sizes=\"auto, (max-width: 518px) 100vw, 518px\" \/><\/figure>\n<\/div>\n<\/div>\n<\/details>\n\n\n\n<details class=\"wp-block-details is-layout-flow wp-block-details-is-layout-flow\"><summary>Model de mat\u00e8ria fosca per a la formaci\u00f3 d&#8217;estructures en les gal\u00e0xies (Octubre 2008)<\/summary>\n<p><\/p>\n\n\n\n<div class=\"wp-block-columns is-layout-flex wp-container-core-columns-is-layout-9d6595d7 wp-block-columns-is-layout-flex\">\n<div class=\"wp-block-column is-layout-flow wp-block-column-is-layout-flow\" style=\"flex-basis:66.66%\">\n<p>El Dr. Luis Acedo, de l&#8217;IMM, va proposar un model matem\u00e0tic per a l&#8217;evoluci\u00f3 de l&#8217;estructura en l&#8217;halo de mat\u00e8ria fosca de les gal\u00e0xies. Este model es basa en la hip\u00f2tesi del neutr\u00ed est\u00e8ril, un nou tipus de part\u00edcula que apareix en extensions m\u00ednimes del model est\u00e0ndard de la f\u00edsica de part\u00edcules i la massa de les quals estaria en el rang dels 3 keV.<\/p>\n<\/div>\n\n\n\n<div class=\"wp-block-column is-layout-flow wp-block-column-is-layout-flow\" style=\"flex-basis:33.33%\">\n<figure class=\"wp-block-image size-full is-resized\"><img loading=\"lazy\" decoding=\"async\" width=\"335\" height=\"317\" src=\"https:\/\/imm.webs.upv.es\/wp-content\/uploads\/2018\/11\/materia-1.png\" alt=\"\" class=\"wp-image-415\" style=\"width:151px;height:auto\" srcset=\"https:\/\/imm.webs.upv.es\/wp-content\/uploads\/2018\/11\/materia-1.png 335w, https:\/\/imm.webs.upv.es\/wp-content\/uploads\/2018\/11\/materia-1-300x284.png 300w, https:\/\/imm.webs.upv.es\/wp-content\/uploads\/2018\/11\/materia-1-150x142.png 150w\" sizes=\"auto, (max-width: 335px) 100vw, 335px\" \/><\/figure>\n<\/div>\n<\/div>\n\n\n\n<p>&#8211; M\u00e9s detalls en les actes de la Confer\u00e8ncia Identificaci\u00f3 de la Mat\u00e8ria Fosca 2010. <a href=\"https:\/\/pos.sissa.it\/110\/078\/pdf\" target=\"_blank\" rel=\"noreferrer noopener\">POS(IDM2010)078<\/a><\/p>\n\n\n\n<p>&#8211;<a href=\"https:\/\/www.agenciasinc.es\/Noticias\/Ecuaciones-para-conocer-la-materia-oscura-del-Universo\" target=\"_blank\" rel=\"noreferrer noopener\"> SINC<\/a><\/p>\n<\/details>\n","protected":false},"excerpt":{"rendered":"<p>L&#8217;IMM brilla en els Premis d&#8217;Investigaci\u00f3 UPV 2025 amb dos guardons (Novembre 2025) Conveni de col\u00b7laboraci\u00f3 amb el National Institute for Mathematical Sciences (NIMS) de Corea del Sud (Setember 2025) Hi ha un cor d&#8217;ones gravitacionals procedents del nucli de la Via L\u00e0ctia. Les sentirem? (Juny 2025) Un grup de&#8230; <a class=\"continue-reading-link\" href=\"https:\/\/imm.webs.upv.es\/ca\/press-releases\/\">Show more<\/a><\/p>\n","protected":false},"author":4,"featured_media":0,"parent":0,"menu_order":3,"comment_status":"closed","ping_status":"closed","template":"","meta":{"ngg_post_thumbnail":0,"footnotes":""},"class_list":["post-117","page","type-page","status-publish","hentry"],"translation":{"provider":"WPGlobus","version":"3.0.2","language":"ca","enabled_languages":["en","ca","es"],"languages":{"en":{"title":true,"content":true,"excerpt":false},"ca":{"title":true,"content":true,"excerpt":false},"es":{"title":true,"content":true,"excerpt":false}}},"yoast_head":"<!-- This site is optimized with the Yoast SEO plugin v27.4 - https:\/\/yoast.com\/product\/yoast-seo-wordpress\/ -->\n<title>Recull de premsa - I. U. de Matem\u00e0tica Multidisciplin\u00e0ria<\/title>\n<meta name=\"robots\" content=\"index, follow, max-snippet:-1, max-image-preview:large, max-video-preview:-1\" \/>\n<link rel=\"canonical\" href=\"https:\/\/imm.webs.upv.es\/press-releases\/\" \/>\n<meta property=\"og:locale\" content=\"ca_ES\" \/>\n<meta property=\"og:type\" content=\"article\" \/>\n<meta property=\"og:title\" content=\"Recull de premsa - I. U. de Matem\u00e0tica Multidisciplin\u00e0ria\" \/>\n<meta property=\"og:url\" content=\"https:\/\/imm.webs.upv.es\/press-releases\/\" \/>\n<meta property=\"og:site_name\" content=\"I. U. de Matem\u00e0tica Multidisciplin\u00e0ria\" \/>\n<meta property=\"article:modified_time\" content=\"2026-01-12T10:13:48+00:00\" \/>\n<meta property=\"og:image\" content=\"https:\/\/imm.webs.upv.es\/wp-content\/uploads\/2025\/04\/WhatsApp-Image-2025-04-08-at-12.29.34-1024x475.jpeg\" \/>\n<meta name=\"twitter:card\" content=\"summary_large_image\" \/>\n<meta name=\"twitter:label1\" content=\"Temps estimat de lectura\" \/>\n\t<meta name=\"twitter:data1\" content=\"8 minuts\" \/>\n<script type=\"application\/ld+json\" class=\"yoast-schema-graph\">{\"@context\":\"https:\\\/\\\/schema.org\",\"@graph\":[{\"@type\":\"WebPage\",\"@id\":\"https:\\\/\\\/imm.webs.upv.es\\\/press-releases\\\/\",\"url\":\"https:\\\/\\\/imm.webs.upv.es\\\/press-releases\\\/\",\"name\":\"Recull de premsa - I. U. de Matem\u00e0tica Multidisciplin\u00e0ria\",\"isPartOf\":{\"@id\":\"https:\\\/\\\/imm.webs.upv.es\\\/#website\"},\"primaryImageOfPage\":{\"@id\":\"https:\\\/\\\/imm.webs.upv.es\\\/press-releases\\\/#primaryimage\"},\"image\":{\"@id\":\"https:\\\/\\\/imm.webs.upv.es\\\/press-releases\\\/#primaryimage\"},\"thumbnailUrl\":\"https:\\\/\\\/imm.webs.upv.es\\\/wp-content\\\/uploads\\\/2025\\\/04\\\/WhatsApp-Image-2025-04-08-at-12.29.34-1024x475.jpeg\",\"datePublished\":\"2018-11-23T08:36:25+00:00\",\"dateModified\":\"2026-01-12T10:13:48+00:00\",\"breadcrumb\":{\"@id\":\"https:\\\/\\\/imm.webs.upv.es\\\/press-releases\\\/#breadcrumb\"},\"inLanguage\":\"ca\",\"potentialAction\":[{\"@type\":\"ReadAction\",\"target\":[\"https:\\\/\\\/imm.webs.upv.es\\\/press-releases\\\/\"]}]},{\"@type\":\"ImageObject\",\"inLanguage\":\"ca\",\"@id\":\"https:\\\/\\\/imm.webs.upv.es\\\/press-releases\\\/#primaryimage\",\"url\":\"https:\\\/\\\/imm.webs.upv.es\\\/wp-content\\\/uploads\\\/2025\\\/04\\\/WhatsApp-Image-2025-04-08-at-12.29.34-1024x475.jpeg\",\"contentUrl\":\"https:\\\/\\\/imm.webs.upv.es\\\/wp-content\\\/uploads\\\/2025\\\/04\\\/WhatsApp-Image-2025-04-08-at-12.29.34-1024x475.jpeg\"},{\"@type\":\"BreadcrumbList\",\"@id\":\"https:\\\/\\\/imm.webs.upv.es\\\/press-releases\\\/#breadcrumb\",\"itemListElement\":[{\"@type\":\"ListItem\",\"position\":1,\"name\":\"Home\",\"item\":\"https:\\\/\\\/imm.webs.upv.es\\\/\"},{\"@type\":\"ListItem\",\"position\":2,\"name\":\"News\"}]},{\"@type\":\"WebSite\",\"@id\":\"https:\\\/\\\/imm.webs.upv.es\\\/#website\",\"url\":\"https:\\\/\\\/imm.webs.upv.es\\\/\",\"name\":\"I. U. de Matem\u00e0tica Multidisciplin\u00e0ria\",\"description\":\"\",\"publisher\":{\"@id\":\"https:\\\/\\\/imm.webs.upv.es\\\/#organization\"},\"potentialAction\":[{\"@type\":\"SearchAction\",\"target\":{\"@type\":\"EntryPoint\",\"urlTemplate\":\"https:\\\/\\\/imm.webs.upv.es\\\/?s={search_term_string}\"},\"query-input\":{\"@type\":\"PropertyValueSpecification\",\"valueRequired\":true,\"valueName\":\"search_term_string\"}}],\"inLanguage\":\"ca\"},{\"@type\":\"Organization\",\"@id\":\"https:\\\/\\\/imm.webs.upv.es\\\/#organization\",\"name\":\"I. U. de Matem\u00e1tica Multidisciplinar\",\"url\":\"https:\\\/\\\/imm.webs.upv.es\\\/\",\"logo\":{\"@type\":\"ImageObject\",\"inLanguage\":\"ca\",\"@id\":\"https:\\\/\\\/imm.webs.upv.es\\\/#\\\/schema\\\/logo\\\/image\\\/\",\"url\":\"https:\\\/\\\/imm.webs.upv.es\\\/wp-content\\\/uploads\\\/2020\\\/11\\\/imm_blue-1.png\",\"contentUrl\":\"https:\\\/\\\/imm.webs.upv.es\\\/wp-content\\\/uploads\\\/2020\\\/11\\\/imm_blue-1.png\",\"width\":931,\"height\":498,\"caption\":\"I. U. de Matem\u00e1tica Multidisciplinar\"},\"image\":{\"@id\":\"https:\\\/\\\/imm.webs.upv.es\\\/#\\\/schema\\\/logo\\\/image\\\/\"}}]}<\/script>\n<!-- \/ Yoast SEO plugin. -->","yoast_head_json":{"title":"Recull de premsa - I. U. de Matem\u00e0tica Multidisciplin\u00e0ria","robots":{"index":"index","follow":"follow","max-snippet":"max-snippet:-1","max-image-preview":"max-image-preview:large","max-video-preview":"max-video-preview:-1"},"canonical":"https:\/\/imm.webs.upv.es\/press-releases\/","og_locale":"ca_ES","og_type":"article","og_title":"Recull de premsa - I. U. de Matem\u00e0tica Multidisciplin\u00e0ria","og_url":"https:\/\/imm.webs.upv.es\/press-releases\/","og_site_name":"I. U. de Matem\u00e0tica Multidisciplin\u00e0ria","article_modified_time":"2026-01-12T10:13:48+00:00","og_image":[{"url":"https:\/\/imm.webs.upv.es\/wp-content\/uploads\/2025\/04\/WhatsApp-Image-2025-04-08-at-12.29.34-1024x475.jpeg","type":"","width":"","height":""}],"twitter_card":"summary_large_image","twitter_misc":{"Temps estimat de lectura":"8 minuts"},"schema":{"@context":"https:\/\/schema.org","@graph":[{"@type":"WebPage","@id":"https:\/\/imm.webs.upv.es\/press-releases\/","url":"https:\/\/imm.webs.upv.es\/press-releases\/","name":"Recull de premsa - I. U. de Matem\u00e0tica Multidisciplin\u00e0ria","isPartOf":{"@id":"https:\/\/imm.webs.upv.es\/#website"},"primaryImageOfPage":{"@id":"https:\/\/imm.webs.upv.es\/press-releases\/#primaryimage"},"image":{"@id":"https:\/\/imm.webs.upv.es\/press-releases\/#primaryimage"},"thumbnailUrl":"https:\/\/imm.webs.upv.es\/wp-content\/uploads\/2025\/04\/WhatsApp-Image-2025-04-08-at-12.29.34-1024x475.jpeg","datePublished":"2018-11-23T08:36:25+00:00","dateModified":"2026-01-12T10:13:48+00:00","breadcrumb":{"@id":"https:\/\/imm.webs.upv.es\/press-releases\/#breadcrumb"},"inLanguage":"ca","potentialAction":[{"@type":"ReadAction","target":["https:\/\/imm.webs.upv.es\/press-releases\/"]}]},{"@type":"ImageObject","inLanguage":"ca","@id":"https:\/\/imm.webs.upv.es\/press-releases\/#primaryimage","url":"https:\/\/imm.webs.upv.es\/wp-content\/uploads\/2025\/04\/WhatsApp-Image-2025-04-08-at-12.29.34-1024x475.jpeg","contentUrl":"https:\/\/imm.webs.upv.es\/wp-content\/uploads\/2025\/04\/WhatsApp-Image-2025-04-08-at-12.29.34-1024x475.jpeg"},{"@type":"BreadcrumbList","@id":"https:\/\/imm.webs.upv.es\/press-releases\/#breadcrumb","itemListElement":[{"@type":"ListItem","position":1,"name":"Home","item":"https:\/\/imm.webs.upv.es\/"},{"@type":"ListItem","position":2,"name":"News"}]},{"@type":"WebSite","@id":"https:\/\/imm.webs.upv.es\/#website","url":"https:\/\/imm.webs.upv.es\/","name":"I. U. de Matem\u00e0tica Multidisciplin\u00e0ria","description":"","publisher":{"@id":"https:\/\/imm.webs.upv.es\/#organization"},"potentialAction":[{"@type":"SearchAction","target":{"@type":"EntryPoint","urlTemplate":"https:\/\/imm.webs.upv.es\/?s={search_term_string}"},"query-input":{"@type":"PropertyValueSpecification","valueRequired":true,"valueName":"search_term_string"}}],"inLanguage":"ca"},{"@type":"Organization","@id":"https:\/\/imm.webs.upv.es\/#organization","name":"I. U. de Matem\u00e1tica Multidisciplinar","url":"https:\/\/imm.webs.upv.es\/","logo":{"@type":"ImageObject","inLanguage":"ca","@id":"https:\/\/imm.webs.upv.es\/#\/schema\/logo\/image\/","url":"https:\/\/imm.webs.upv.es\/wp-content\/uploads\/2020\/11\/imm_blue-1.png","contentUrl":"https:\/\/imm.webs.upv.es\/wp-content\/uploads\/2020\/11\/imm_blue-1.png","width":931,"height":498,"caption":"I. U. de Matem\u00e1tica Multidisciplinar"},"image":{"@id":"https:\/\/imm.webs.upv.es\/#\/schema\/logo\/image\/"}}]}},"_links":{"self":[{"href":"https:\/\/imm.webs.upv.es\/ca\/wp-json\/wp\/v2\/pages\/117","targetHints":{"allow":["GET"]}}],"collection":[{"href":"https:\/\/imm.webs.upv.es\/ca\/wp-json\/wp\/v2\/pages"}],"about":[{"href":"https:\/\/imm.webs.upv.es\/ca\/wp-json\/wp\/v2\/types\/page"}],"author":[{"embeddable":true,"href":"https:\/\/imm.webs.upv.es\/ca\/wp-json\/wp\/v2\/users\/4"}],"replies":[{"embeddable":true,"href":"https:\/\/imm.webs.upv.es\/ca\/wp-json\/wp\/v2\/comments?post=117"}],"version-history":[{"count":282,"href":"https:\/\/imm.webs.upv.es\/ca\/wp-json\/wp\/v2\/pages\/117\/revisions"}],"predecessor-version":[{"id":4787,"href":"https:\/\/imm.webs.upv.es\/ca\/wp-json\/wp\/v2\/pages\/117\/revisions\/4787"}],"wp:attachment":[{"href":"https:\/\/imm.webs.upv.es\/ca\/wp-json\/wp\/v2\/media?parent=117"}],"curies":[{"name":"wp","href":"https:\/\/api.w.org\/{rel}","templated":true}]}}